{"version":"1.0","provider_name":"...sz\u0151k\u00edtett n\u0151 ...","provider_url":"https:\/\/nmarti.cafeblog.hu","author_name":"nm\u00e1rti","author_url":"https:\/\/nmarti.cafeblog.hu\/author\/nmarti\/","title":"de la Vega","html":"<p><span style=\"font-family: Times New Roman;\">&nbsp;<span style=\"font-size: 16px;\">Ma iszonyatosan szerencs\u00e9s l\u00e1nynak mondhatom magam, annak ellen\u00e9re, hogy elaludtam, b\u0151 m\u00e1sf\u00e9l \u00f3r\u00e1val k\u00e9s\u0151bb keltem, rohan\u00e1s, kaka\u00f3tlan, k\u00e1v\u00e9tlan, sminktelen reggel, de&nbsp; ez\u00e9rt lehettem szem tan\u00faja egy beteljes\u00fclt \u00e1lomnak.<\/span><\/span><\/p><p><span style=\"font-family: Times New Roman; font-size: 16px;\">K\u00e9sve \u00e9rkeztem, \u00edgy k\u00e9nytelen kelletlen be kellett \u00edrni egy k\u00e9s\u0151bb kezd\u0151 m\u0171t\u0151be, teh\u00e1t az el\u00e9rhetetlen cs\u00e1sz\u00e1r m\u0171t\u0151be ker\u00fcltem, ahol egy igazi de la Vega gyerek sz\u00fcletett! Anya 39 \u00e9ves magyar asszony, apa perui de la Vega vezet\u00e9k nevet<\/span><span style=\"font-family: Times New Roman; font-size: 16px;\"> viseli, szerintem Zorro egyenes \u00e1gi lesz\u00e1rmattja!<\/span><span style=\"font-family: Times New Roman; font-size: 16px;\"> Gondolj bele kedves olvas\u00f3, mi kellett ehhez? Anya m\u00e1r tal\u00e1n r\u00e9g feladta, hogy f\u00e9rjhez megy \u00e9s gyermeke sz\u00fcletik valaha \u00e9s ekkor elindult a t\u00e1voli Perub\u00f3l egy fiatal ember, hogy megh\u00f3d\u00edtsa Magyarorsz\u00e1got, megtal\u00e1lja \u00e1lm\u00e1t, ami tal\u00e1n Peruban r\u00e9g elveszni l\u00e1tszott \u00e9s akkor itt megt\u00f6rt\u00e9nt a csoda! Szerelem, boldogs\u00e1g, gyerek \u00e9s minden! Mennyi v\u00e9letlennek kellett megt\u00f6rt\u00e9nni<\/span><span style=\"font-family: Times New Roman; font-size: 16px;\">e.<\/span><\/p><p><span style=\"font-family: Times New Roman; font-size: 16px;\">Ez \u00faton \u00fczenem az \u00f6sszes perui de la Veganak, hogy itt az ideje indulni, hogy megt\u00f6rt\u00e9njen itt is a csoda, val\u00f3ra v\u00e1ljanak az \u00e1lmaim<\/span><span style=\"font-family: Times New Roman; font-size: 16px;\">!<\/span><br><\/p><p><br><\/p><p><br><\/p>","type":"rich"}