{"version":"1.0","provider_name":"...sz\u0151k\u00edtett n\u0151 ...","provider_url":"https:\/\/nmarti.cafeblog.hu","author_name":"nm\u00e1rti","author_url":"https:\/\/nmarti.cafeblog.hu\/author\/nmarti\/","title":"Dorci k\u00f6t ...","html":"... szombat \u00f3ta :\r\n\r\n<a href=\"https:\/\/nmarti.cafeblog.hu\/files\/2013\/03\/IMG-20130304-00020.jpg\"><img class=\"aligncenter size-medium wp-image-920\" src=\"https:\/\/nmarti.cafeblog.hu\/files\/2013\/03\/IMG-20130304-00020-300x225.jpg\" alt=\"\" width=\"300\" height=\"225\" \/><\/a>","type":"rich"}