{"version":"1.0","provider_name":"...sz\u0151k\u00edtett n\u0151 ...","provider_url":"https:\/\/nmarti.cafeblog.hu","author_name":"nm\u00e1rti","author_url":"https:\/\/nmarti.cafeblog.hu\/author\/nmarti\/","title":"A T A K A R \u00d3","html":"<p style=\"text-align: center\">Betartottam, a tavalyi fogadalmam, elk\u00e9sz\u00fclt a takar\u00f3.<\/p>\r\n<p style=\"text-align: center\">12 h\u00f3nap - 12 gomb\u00f3c<\/p>\r\n<p style=\"text-align: center\"><a href=\"https:\/\/nmarti.cafeblog.hu\/files\/2014\/01\/2013-kar\u00e1csony-089.jpg\"><img class=\"aligncenter size-medium wp-image-1214\" alt=\"2013 kar\u00e1csony 089\" src=\"https:\/\/nmarti.cafeblog.hu\/files\/2014\/01\/2013-kar\u00e1csony-089-300x225.jpg\" width=\"300\" height=\"225\" \/><\/a><\/p>\r\n<p style=\"text-align: center\"><a href=\"https:\/\/nmarti.cafeblog.hu\/files\/2014\/01\/2013-kar\u00e1csony-107.jpg\"><img class=\"aligncenter size-medium wp-image-1215\" alt=\"2013 kar\u00e1csony 107\" src=\"https:\/\/nmarti.cafeblog.hu\/files\/2014\/01\/2013-kar\u00e1csony-107-257x300.jpg\" width=\"257\" height=\"300\" \/><\/a><\/p>\r\n<p style=\"text-align: center\">Dorci k\u00e9sz\u00edtett r\u00e1 egy sz\u00edvet, ami ak\u00e1r k\u00f6nyvjelz\u0151 is lehet.<\/p>\r\n<p style=\"text-align: center\"><a href=\"https:\/\/nmarti.cafeblog.hu\/files\/2014\/01\/2013-kar\u00e1csony-094jav1.jpg\"><img class=\"aligncenter size-medium wp-image-1216\" alt=\"2013 kar\u00e1csony 094jav1\" src=\"https:\/\/nmarti.cafeblog.hu\/files\/2014\/01\/2013-kar\u00e1csony-094jav1-225x300.jpg\" width=\"225\" height=\"300\" \/><\/a><\/p>","type":"rich"}